{"id":320,"date":"2025-09-05T17:43:09","date_gmt":"2025-09-05T15:43:09","guid":{"rendered":"https:\/\/www.euphoniaclassica.it\/it\/?page_id=320"},"modified":"2025-10-03T11:20:01","modified_gmt":"2025-10-03T09:20:01","slug":"aus-liebe","status":"publish","type":"page","link":"https:\/\/www.euphoniaclassica.it\/it\/aus-liebe\/","title":{"rendered":"AUS LIEBE"},"content":{"rendered":"\n<h5 class=\"wp-block-heading has-text-align-center\"><strong>PAOLO BRECCIAROLI<br><\/strong><\/h5>\n\n\n\n<h2 class=\"wp-block-heading has-text-align-center\"><em><strong>AUS LIEBE &#8211; PER AMORE&nbsp;<\/strong><\/em><\/h2>\n\n\n\n<p class=\"has-text-align-center\" style=\"font-size:clamp(0.875rem, 0.875rem + ((1vw - 0.2rem) * 0.708), 1.3rem);\">RIFLESSIONI SULLA PASSIONE SECONDO MATTEO<br>DI JOHANN SEBASTIAN BACH<\/p>\n\n\n\n<p class=\"has-text-align-center\" style=\"font-size:clamp(0.875rem, 0.875rem + ((1vw - 0.2rem) * 0.708), 1.3rem);\"><br>Edizioni Euphonia<\/p>\n\n\n\n<p class=\"has-text-align-center\"><\/p>\n\n\n\n<hr class=\"wp-block-separator has-alpha-channel-opacity\"\/>\n\n\n\n<figure class=\"wp-block-image alignright size-medium is-resized\"><img loading=\"lazy\" decoding=\"async\" width=\"216\" height=\"300\" src=\"https:\/\/www.euphoniaclassica.it\/it\/wp-content\/uploads\/2025\/09\/Aus-Liebe-Per-amore-216x300.jpg\" alt=\"\" class=\"wp-image-321\" style=\"width:335px;height:auto\" srcset=\"https:\/\/www.euphoniaclassica.it\/it\/wp-content\/uploads\/2025\/09\/Aus-Liebe-Per-amore-216x300.jpg 216w, https:\/\/www.euphoniaclassica.it\/it\/wp-content\/uploads\/2025\/09\/Aus-Liebe-Per-amore-736x1024.jpg 736w, https:\/\/www.euphoniaclassica.it\/it\/wp-content\/uploads\/2025\/09\/Aus-Liebe-Per-amore-768x1068.jpg 768w, https:\/\/www.euphoniaclassica.it\/it\/wp-content\/uploads\/2025\/09\/Aus-Liebe-Per-amore.jpg 872w\" sizes=\"auto, (max-width: 216px) 100vw, 216px\" \/><\/figure>\n\n\n\n<p>La Passione secondo Matteo di Johann Sebastian Bach \u00e8 il capolavoro della musica sacra cristiana pi\u00f9 celebre e ammirato della storia, tanto grande nelle proporzioni quanto immenso per il respiro poetico-musicale che lo caratterizza. Questo saggio ne analizza in maniera approfondita tutte le componenti, dallo spirito luterano che lo imbeve &#8211; motore &#8220;catechistico&#8217; che ne \u00e8 lo spunto iniziale &#8211; alle varie forme musicali cui Bach ha fatto ricorso per redigere una stesura assolutamente funzionale al rito evangelico ma, al contempo, in grado di penetrare nell&#8217;animo dei fedeli e influenzarne la conversione. Non eludendo le grandi questioni che riguardano questa composizione, in campo strumentale e armonico cos\u00ec come nella tradizione interpretativa che \u00e8 costellata da scelte spesso di natura diversissima l&#8217;una dall&#8217;altra, la trattazione esamina la Matth\u00e4us-Passion nella sua totalit\u00e0. Spiegando ciascuno dei 68 brani di cui consta &#8211; riportati con il testo originale tedesco a fronte della traduzione italiana &#8211; un&#8217;attenta analisi tecnica, unita a una profonda indagine estetica, ne focalizza le risorse poetiche e musicali, spesso illuminate da citazioni di grandi dipinti che hanno illustrato nei secoli i vari momenti del racconto evangelico. Una guida perfetta per l&#8217;ascolto cosciente di questo formidabile prodotto del cuore e della mente dell&#8217;uomo.<\/p>\n\n\n\n<p class=\"has-medium-font-size\"><strong><strong>IL MAESTRO PAOLO BRECCIAROLI TIENE I SUOI CORSI STORICO-MUSICALI, APERTI A TUTTI, PRESSO EUPHONIA.<\/strong><\/strong><\/p>\n\n\n\n<p>IL LIBRO E&#8217; ACQUISTABILE PRESSO LA SEGRETERIA NELLA SEDE DI EUPHONIA<\/p>\n\n\n\n<p>AUS LIEBE &#8211; Pagg. 142 &#8211; \u20ac 20,00<\/p>\n","protected":false},"excerpt":{"rendered":"<p>PAOLO BRECCIAROLI AUS LIEBE &#8211; PER AMORE&nbsp; RIFLESSIONI SULLA PASSIONE SECONDO MATTEODI JOHANN SEBASTIAN BACH Edizioni Euphonia La Passione secondo Matteo di Johann Sebastian Bach \u00e8 il capolavoro della musica sacra cristiana pi\u00f9 celebre e ammirato della storia, tanto grande nelle proporzioni quanto immenso per il respiro poetico-musicale che lo caratterizza. Questo saggio ne analizza [&hellip;]<\/p>\n","protected":false},"author":1,"featured_media":0,"parent":0,"menu_order":0,"comment_status":"closed","ping_status":"closed","template":"","meta":{"footnotes":""},"class_list":["post-320","page","type-page","status-publish","hentry"],"_links":{"self":[{"href":"https:\/\/www.euphoniaclassica.it\/it\/wp-json\/wp\/v2\/pages\/320","targetHints":{"allow":["GET"]}}],"collection":[{"href":"https:\/\/www.euphoniaclassica.it\/it\/wp-json\/wp\/v2\/pages"}],"about":[{"href":"https:\/\/www.euphoniaclassica.it\/it\/wp-json\/wp\/v2\/types\/page"}],"author":[{"embeddable":true,"href":"https:\/\/www.euphoniaclassica.it\/it\/wp-json\/wp\/v2\/users\/1"}],"replies":[{"embeddable":true,"href":"https:\/\/www.euphoniaclassica.it\/it\/wp-json\/wp\/v2\/comments?post=320"}],"version-history":[{"count":7,"href":"https:\/\/www.euphoniaclassica.it\/it\/wp-json\/wp\/v2\/pages\/320\/revisions"}],"predecessor-version":[{"id":375,"href":"https:\/\/www.euphoniaclassica.it\/it\/wp-json\/wp\/v2\/pages\/320\/revisions\/375"}],"wp:attachment":[{"href":"https:\/\/www.euphoniaclassica.it\/it\/wp-json\/wp\/v2\/media?parent=320"}],"curies":[{"name":"wp","href":"https:\/\/api.w.org\/{rel}","templated":true}]}}